{"id":633,"date":"2023-03-26T17:08:10","date_gmt":"2023-03-26T15:08:10","guid":{"rendered":"http:\/\/staging.dfg-berlin.de\/?page_id=633"},"modified":"2024-10-01T05:04:47","modified_gmt":"2024-10-01T03:04:47","slug":"jour-fixe","status":"publish","type":"page","link":"https:\/\/dfg-berlin.de\/fr\/aktivitaeten\/jour-fixe\/","title":{"rendered":"Jour Fixe"},"content":{"rendered":"\n<p>Die Deutsch-Franz\u00f6sische Gesellschaft Berlin steht f\u00fcr den Austausch und die Verbindung beider Kulturen. Im Rahmen eines monatlichen Jour Fixe m\u00f6chten wir alle, die sich f\u00fcr deutsch-franz\u00f6sischen Themen interessieren, die M\u00f6glichkeit bieten, sich in lockerer Atmosph\u00e4re &nbsp;auszutauschen.<\/p>\n\n\n\n<p>Der Jour Fixe findet in einem \u00f6ffentlichen Lokal oder Caf\u00e9 statt und ist offen f\u00fcr alle Menschen, die uns gerne kennenlernen m\u00f6chten. Eine gute Gelegenheit neue Bekanntschaften zu machen und Freundschaften zu schlie\u00dfen.<\/p>\n","protected":false},"excerpt":{"rendered":"<p>Die Deutsch-Franz\u00f6sische Gesellschaft Berlin steht f\u00fcr den Austausch und die Verbindung beider Kulturen. Im Rahmen eines monatlichen Jour Fixe m\u00f6chten wir alle, die sich f\u00fcr deutsch-franz\u00f6sischen Themen interessieren, die M\u00f6glichkeit bieten, sich in lockerer Atmosph\u00e4re &nbsp;auszutauschen. Der Jour Fixe findet in einem \u00f6ffentlichen Lokal oder Caf\u00e9 statt und ist offen f\u00fcr alle Menschen, die uns [&hellip;]<\/p>\n","protected":false},"author":1,"featured_media":941,"parent":50,"menu_order":0,"comment_status":"closed","ping_status":"closed","template":"","meta":{"_acf_changed":false,"footnotes":""},"class_list":["post-633","page","type-page","status-publish","has-post-thumbnail","hentry"],"acf":[],"_links":{"self":[{"href":"https:\/\/dfg-berlin.de\/fr\/wp-json\/wp\/v2\/pages\/633","targetHints":{"allow":["GET"]}}],"collection":[{"href":"https:\/\/dfg-berlin.de\/fr\/wp-json\/wp\/v2\/pages"}],"about":[{"href":"https:\/\/dfg-berlin.de\/fr\/wp-json\/wp\/v2\/types\/page"}],"author":[{"embeddable":true,"href":"https:\/\/dfg-berlin.de\/fr\/wp-json\/wp\/v2\/users\/1"}],"replies":[{"embeddable":true,"href":"https:\/\/dfg-berlin.de\/fr\/wp-json\/wp\/v2\/comments?post=633"}],"version-history":[{"count":0,"href":"https:\/\/dfg-berlin.de\/fr\/wp-json\/wp\/v2\/pages\/633\/revisions"}],"up":[{"embeddable":true,"href":"https:\/\/dfg-berlin.de\/fr\/wp-json\/wp\/v2\/pages\/50"}],"wp:featuredmedia":[{"embeddable":true,"href":"https:\/\/dfg-berlin.de\/fr\/wp-json\/wp\/v2\/media\/941"}],"wp:attachment":[{"href":"https:\/\/dfg-berlin.de\/fr\/wp-json\/wp\/v2\/media?parent=633"}],"curies":[{"name":"wp","href":"https:\/\/api.w.org\/{rel}","templated":true}]}}