{"id":2354,"date":"2023-03-26T17:08:10","date_gmt":"2023-03-26T15:08:10","guid":{"rendered":"https:\/\/dfg-berlin.de\/activites\/cercle-de-lecture\/"},"modified":"2025-03-07T15:47:51","modified_gmt":"2025-03-07T14:47:51","slug":"cercle-de-lecture","status":"publish","type":"page","link":"https:\/\/dfg-berlin.de\/fr\/activites\/cercle-de-lecture\/","title":{"rendered":"Cercle de lecture"},"content":{"rendered":"\n<p><em>Le Cercle de lecture<\/em> se r\u00e9unit une fois par mois \u00e0 la Villa Wuttke pour \u00e9changer en fran\u00e7ais avec les personnes int\u00e9ress\u00e9es par la litt\u00e9rature fran\u00e7aise sur une \u0153uvre pr\u00e9alablement convenue et pour discuter des diff\u00e9rents aspects de l&#8217;\u0153uvre.<\/p>\n\n\n\n<p>Si vous avez envie de participer \u00e0 la discussion, veuillez vous inscrire aupr\u00e8s du secr\u00e9tariat du LFA.<\/p>\n\n\n\n<p><\/p>\n","protected":false},"excerpt":{"rendered":"<p>Le Cercle de lecture se r\u00e9unit une fois par mois \u00e0 la Villa Wuttke pour \u00e9changer en fran\u00e7ais avec les personnes int\u00e9ress\u00e9es par la litt\u00e9rature fran\u00e7aise sur une \u0153uvre pr\u00e9alablement convenue et pour discuter des diff\u00e9rents aspects de l&#8217;\u0153uvre. Si vous avez envie de participer \u00e0 la discussion, veuillez vous inscrire aupr\u00e8s du secr\u00e9tariat du [&hellip;]<\/p>\n","protected":false},"author":1,"featured_media":2173,"parent":2289,"menu_order":0,"comment_status":"closed","ping_status":"closed","template":"","meta":{"_acf_changed":false,"footnotes":""},"class_list":["post-2354","page","type-page","status-publish","has-post-thumbnail","hentry"],"acf":[],"_links":{"self":[{"href":"https:\/\/dfg-berlin.de\/fr\/wp-json\/wp\/v2\/pages\/2354","targetHints":{"allow":["GET"]}}],"collection":[{"href":"https:\/\/dfg-berlin.de\/fr\/wp-json\/wp\/v2\/pages"}],"about":[{"href":"https:\/\/dfg-berlin.de\/fr\/wp-json\/wp\/v2\/types\/page"}],"author":[{"embeddable":true,"href":"https:\/\/dfg-berlin.de\/fr\/wp-json\/wp\/v2\/users\/1"}],"replies":[{"embeddable":true,"href":"https:\/\/dfg-berlin.de\/fr\/wp-json\/wp\/v2\/comments?post=2354"}],"version-history":[{"count":0,"href":"https:\/\/dfg-berlin.de\/fr\/wp-json\/wp\/v2\/pages\/2354\/revisions"}],"up":[{"embeddable":true,"href":"https:\/\/dfg-berlin.de\/fr\/wp-json\/wp\/v2\/pages\/2289"}],"wp:featuredmedia":[{"embeddable":true,"href":"https:\/\/dfg-berlin.de\/fr\/wp-json\/wp\/v2\/media\/2173"}],"wp:attachment":[{"href":"https:\/\/dfg-berlin.de\/fr\/wp-json\/wp\/v2\/media?parent=2354"}],"curies":[{"name":"wp","href":"https:\/\/api.w.org\/{rel}","templated":true}]}}