{"id":2224,"date":"2023-03-22T23:42:46","date_gmt":"2023-03-22T22:42:46","guid":{"rendered":"http:\/\/staging.dfg-berlin.de\/association\/partenaires\/"},"modified":"2025-01-20T22:10:51","modified_gmt":"2025-01-20T21:10:51","slug":"partenaires","status":"publish","type":"page","link":"https:\/\/dfg-berlin.de\/fr\/association\/partenaires\/","title":{"rendered":"Partenaires"},"content":{"rendered":"\n<h3 class=\"wp-block-heading\">Sites partenaires<\/h3>\n\n<ul class=\"wp-block-list\">\n<li><a href=\"https:\/\/www.institutfrancais.de\/berlin\" target=\"_blank\" rel=\"noreferrer noopener sponsored\">Institut Fran\u00e7ais de Berlin<\/a><\/li>\n\n\n\n<li><a href=\"https:\/\/www.maisondefrance.de\/\" target=\"_blank\" rel=\"noreferrer noopener sponsored\">Amicale Maison de France<\/a><\/li>\n\n\n\n<li><a href=\"https:\/\/de.ambafrance.org\/-Deutsch\" target=\"_blank\" rel=\"noreferrer noopener sponsored\">Ambassade de France<\/a><\/li>\n\n\n\n<li><a href=\"https:\/\/www.academie-de-berlin.de\/\" target=\"_blank\" data-type=\"link\" data-id=\"https:\/\/www.academie-de-berlin.de\/\" rel=\"noreferrer noopener\">Acad\u00e9mie de Berlin<\/a><\/li>\n\n\n\n<li><a href=\"https:\/\/www.vdfg.de\" data-type=\"URL\" data-id=\"https:\/\/www.vdfg.de\" target=\"_blank\" rel=\"noreferrer noopener sponsored\">Association des soci\u00e9t\u00e9s franco-allemandes pour l&#8217;Europe e.V.<\/a><\/li>\n\n\n\n<li><a href=\"https:\/\/centre-francais.de\/\" data-type=\"URL\" data-id=\"https:\/\/centre-francais.de\/\" target=\"_blank\" rel=\"noreferrer noopener sponsored\">Centre Fran\u00e7ais de Berlin<\/a><\/li>\n\n\n\n<li><a href=\"https:\/\/www.dfjw.org\" target=\"_blank\" rel=\"noreferrer noopener sponsored\">Office franco-allemand pour la jeunesse<\/a><\/li>\n\n\n\n<li><a href=\"https:\/\/www.festival-brassens.info\" target=\"_blank\" rel=\"noreferrer noopener sponsored\">Festival Brassens Basdorf<\/a><\/li>\n\n\n\n<li><a href=\"https:\/\/www.centre-bagatelle.de\/\" data-type=\"link\" data-id=\"https:\/\/www.centre-bagatelle.de\/\" target=\"_blank\" rel=\"noreferrer noopener sponsored\">Centre culturel Centre Bagatelle<\/a><\/li>\n\n\n\n<li><a href=\"https:\/\/www.alliiertenmuseum.de\/\" data-type=\"link\" data-id=\"https:\/\/www.alliiertenmuseum.de\/\" target=\"_blank\" rel=\"noopener\">Mus\u00e9e des Alli\u00e9s<\/a><\/li>\n\n\n\n<li><a href=\"https:\/\/www.vdf-berlin.de\/\" data-type=\"link\" data-id=\"https:\/\/www.vdf-berlin.de\/\" target=\"_blank\" rel=\"noopener\">VDF Berlin : Association des professeurs de fran\u00e7ais \u00e0 Berlin<\/a><\/li>\n\n\n\n<li><a href=\"https:\/\/www.stiftung-spi.de\/\" target=\"_blank\" data-type=\"link\" data-id=\"https:\/\/www.stiftung-spi.de\/\" rel=\"noreferrer noopener sponsored\">Fondation SPI : Institut de p\u00e9dagogie sociale de Berlin &#8220;Walter May<\/a><\/li>\n<\/ul>\n\n<h3 class=\"wp-block-heading\">Instituts de recherche<\/h3>\n\n<ul class=\"wp-block-list\">\n<li><a href=\"https:\/\/cmb.hu-berlin.de\/\" target=\"_blank\" rel=\"noreferrer noopener sponsored\">Centre Marc Bloch<\/a><\/li>\n\n\n\n<li><a href=\"https:\/\/dgap.org\/de\" data-type=\"link\" data-id=\"https:\/\/dgap.org\/de\" target=\"_blank\" rel=\"noopener\">DAGP &#8211; Soci\u00e9t\u00e9 allemande de politique \u00e9trang\u00e8re<\/a><\/li>\n\n\n\n<li><a href=\"https:\/\/www.geisteswissenschaften.fu-berlin.de\/frankreichzentrum\/\" target=\"_blank\" rel=\"noreferrer noopener sponsored\">Centre fran\u00e7ais de la TU-Berlin<\/a><\/li>\n<\/ul>\n","protected":false},"excerpt":{"rendered":"<p>Sites partenaires Instituts de recherche<\/p>\n","protected":false},"author":1,"featured_media":0,"parent":2220,"menu_order":6,"comment_status":"closed","ping_status":"closed","template":"","meta":{"_acf_changed":false,"footnotes":""},"class_list":["post-2224","page","type-page","status-publish","hentry"],"acf":[],"_links":{"self":[{"href":"https:\/\/dfg-berlin.de\/fr\/wp-json\/wp\/v2\/pages\/2224","targetHints":{"allow":["GET"]}}],"collection":[{"href":"https:\/\/dfg-berlin.de\/fr\/wp-json\/wp\/v2\/pages"}],"about":[{"href":"https:\/\/dfg-berlin.de\/fr\/wp-json\/wp\/v2\/types\/page"}],"author":[{"embeddable":true,"href":"https:\/\/dfg-berlin.de\/fr\/wp-json\/wp\/v2\/users\/1"}],"replies":[{"embeddable":true,"href":"https:\/\/dfg-berlin.de\/fr\/wp-json\/wp\/v2\/comments?post=2224"}],"version-history":[{"count":0,"href":"https:\/\/dfg-berlin.de\/fr\/wp-json\/wp\/v2\/pages\/2224\/revisions"}],"up":[{"embeddable":true,"href":"https:\/\/dfg-berlin.de\/fr\/wp-json\/wp\/v2\/pages\/2220"}],"wp:attachment":[{"href":"https:\/\/dfg-berlin.de\/fr\/wp-json\/wp\/v2\/media?parent=2224"}],"curies":[{"name":"wp","href":"https:\/\/api.w.org\/{rel}","templated":true}]}}