{"id":2902,"date":"2025-10-09T14:16:51","date_gmt":"2025-10-09T12:16:51","guid":{"rendered":"https:\/\/dfg-berlin.de\/aktivitat\/cercle-de-lecture-fred-vargas\/"},"modified":"2026-02-06T19:08:38","modified_gmt":"2026-02-06T18:08:38","slug":"cercle-de-lecture-fred-vargas","status":"publish","type":"aktivitat","link":"https:\/\/dfg-berlin.de\/fr\/aktivitat\/cercle-de-lecture-fred-vargas\/","title":{"rendered":"Cercle de lecture: Fred Vargas"},"content":{"rendered":"\n<p>\u00c0 l&#8217;occasion de la 52e r\u00e9union du Cercle de lecture, nous avons d\u00e9cid\u00e9 d&#8217;\u00e9tudier le livre \u00ab Sur la dalle \u00bb de Fred Vargas.<\/p>\n\n\n\n<p>Le Cercle de lecture se r\u00e9unira en priv\u00e9 le<strong>\u00a0lundi 03 novembre 2025 \u00e0 19h00<\/strong>. C\u2019est pourquoi nous prions tous les participants et toutes les personnes int\u00e9ress\u00e9es de bien vouloir s\u2019inscrire par e-mail directement aupr\u00e8s de Madame Hampel (margret.hampel[at]t-online.de) pour conna\u00eetre les d\u00e9tails de la rencontre.<\/p>\n\n\n\n<p>Les propositions de nouveaux auteurs ou th\u00e8mes passionnants sont les bienvenues.<\/p>\n\n\n\n<p>Le cercle de lecture r\u00e9unit des personnes int\u00e9ress\u00e9es par la litt\u00e9rature francophone (peu importe si vous \u00eates francophone, Fran\u00e7ais.se ou francophile). Apr\u00e8s avoir lu un ou plusieurs livres ou r\u00e9cits, nous nous r\u00e9unissons pour \u00e9changer nos id\u00e9es sur divers aspects litt\u00e9raires.<\/p>\n","protected":false},"excerpt":{"rendered":"<p>\u00c0 l&#8217;occasion de la 52e r\u00e9union du Cercle de lecture, nous avons choisi le livre \u00ab Sur la dalle \u00bb de l&#8217;auteur Fred Vargas pour en discuter. <\/p>\n","protected":false},"featured_media":2173,"template":"","aktivitaten-kategorie":[55,60],"class_list":["post-2902","aktivitat","type-aktivitat","status-publish","has-post-thumbnail","hentry","aktivitaten-kategorie-cercle-de-lecture-fr","aktivitaten-kategorie-evenements"],"acf":[],"_links":{"self":[{"href":"https:\/\/dfg-berlin.de\/fr\/wp-json\/wp\/v2\/aktivitat\/2902","targetHints":{"allow":["GET"]}}],"collection":[{"href":"https:\/\/dfg-berlin.de\/fr\/wp-json\/wp\/v2\/aktivitat"}],"about":[{"href":"https:\/\/dfg-berlin.de\/fr\/wp-json\/wp\/v2\/types\/aktivitat"}],"version-history":[{"count":1,"href":"https:\/\/dfg-berlin.de\/fr\/wp-json\/wp\/v2\/aktivitat\/2902\/revisions"}],"predecessor-version":[{"id":2996,"href":"https:\/\/dfg-berlin.de\/fr\/wp-json\/wp\/v2\/aktivitat\/2902\/revisions\/2996"}],"wp:featuredmedia":[{"embeddable":true,"href":"https:\/\/dfg-berlin.de\/fr\/wp-json\/wp\/v2\/media\/2173"}],"wp:attachment":[{"href":"https:\/\/dfg-berlin.de\/fr\/wp-json\/wp\/v2\/media?parent=2902"}],"wp:term":[{"taxonomy":"aktivitaten-kategorie","embeddable":true,"href":"https:\/\/dfg-berlin.de\/fr\/wp-json\/wp\/v2\/aktivitaten-kategorie?post=2902"}],"curies":[{"name":"wp","href":"https:\/\/api.w.org\/{rel}","templated":true}]}}